{"id":1914,"date":"2023-02-07T09:49:51","date_gmt":"2023-02-07T08:49:51","guid":{"rendered":"https:\/\/www.iim.cz\/?page_id=1914"},"modified":"2024-05-12T19:00:01","modified_gmt":"2024-05-12T18:00:01","slug":"ridici-rada-iim","status":"publish","type":"page","link":"https:\/\/www.iim.cz\/cs\/ridici-rada-iim\/","title":{"rendered":"\u0158\u00edd\u00edc\u00ed rada IIM"},"content":{"rendered":"<p>\u0158\u00edd\u00edc\u00ed rada (d\u00e1le \u201eRada\u201c) je org\u00e1n tvo\u0159en\u00fd z\u00e1stupci partnersk\u00fdch \u0161kol jmenovan\u00fdmi<br \/>\na odvol\u00e1van\u00fdmi p\u0159\u00edslu\u0161n\u00fdmi d\u011bkany fakult (obecn\u011b statut\u00e1rn\u00edmi z\u00e1stupci v p\u0159\u00edpad\u011b<br \/>\njin\u00e9ho typu \u0161koly bez \u010dlen\u011bn\u00ed na fakulty). Kandid\u00e1ty na \u010dleny Rady mohou b\u00fdt<br \/>\nakademi\u010dt\u00ed pracovn\u00edci nebo studenti fakult partnersk\u00fdch \u0161kol. Slo\u017een\u00ed Rady je<br \/>\nvoleno tak, aby byly odborn\u011b pokryty v\u0161echny aktivity Institutu.<\/p>\n<p>Ka\u017ed\u00e1 partnersk\u00e1 \u0161kola\/fakulta jmenuje nejv\u00fd\u0161e dva sv\u00e9 z\u00e1stupce v Rad\u011b.<\/p>\n<h2>\u010clenov\u00e9 \u0158\u00edd\u00edc\u00ed rady IIM<\/h2>\n<h3>\u010cesk\u00e9 vysok\u00e9 u\u010den\u00ed technick\u00e9 v Praze<\/h3>\n<h4>Fakulta elektrotechnick\u00e1 (hostitelsk\u00e1 \u0161kola)<\/h4>\n<div class=\"members\">\n<div class=\"member row\">\n<div class=\"medium-3 large-2 columns member-photo\"><img decoding=\"async\" src=\"https:\/\/www.iim.cz\/wp-content\/themes\/IIM-Theme\/images\/nophoto.png\" alt=\"\" \/><\/div>\n<div class=\"medium-9 large-10 columns\">\n<p class=\"name\">Ing. Roman Berka, Ph.D.<\/p>\n<p class=\"member-info\">P\u0159edseda Rady<\/p>\n<p>\u0158editel Institutu interm\u00e9di\u00ed a vysoko\u0161kolsk\u00fd pedagog vyu\u010duj\u00edc\u00ed na kated\u0159e po\u010d\u00edta\u010dov\u00e9 grafiky a interakce. IIM zalo\u017eil v roce 2007 spole\u010dn\u011b s Milo\u0161em Vojt\u011bchovsk\u00fdm a architektem Pavlem Bedn\u00e1\u0159em. Doktor\u00e1t z\u00edskal na kated\u0159e po\u010d\u00edta\u010d\u016f \u010cVUT FEL. Pro IIM vytv\u00e1\u0159\u00ed projekty a vyu\u010duje multim\u00e9dia a po\u010d\u00edta\u010dovou animaci. Vytvo\u0159il n\u011bkolik kurz\u016f v oblasti po\u010d\u00edta\u010dov\u00e9 grafiky a animace. Zab\u00fdval se v\u00fdzkumem v oblasti optimalizace v\u00fdpo\u010dt\u016f v aplikac\u00edch pro virtu\u00e1ln\u00ed realitu. V sou\u010dasnosti se v\u011bnuje v\u00fduce, d\u00e1le v\u00fdzkumu v oblasti zpracov\u00e1n\u00ed pohybov\u00fdch dat, virtu\u00e1ln\u00ed realit\u011b a veden\u00ed IIM.\n<\/p><\/div>\n<\/div>\n<div class=\"member row\">\n<div class=\"medium-3 large-2 columns member-photo\"><img decoding=\"async\" src=\"https:\/\/www.iim.cz\/wp-content\/themes\/IIM-Theme\/images\/nophoto.png\" alt=\"\" \/><\/div>\n<div class=\"medium-9 large-10 columns\">\n<p class=\"name\">Ing. Franti\u0161ek Rund, Ph.D.<\/p>\n<p>Absolvent \u010cVUT FEL, obor Radioelektronika a oboru Akustika, vysoko\u0161kolsk\u00fd pedagog Katedra radioelektroniky, odd. multimedi\u00e1ln\u00ed techniky, V\u00fduka a v\u00fdzkum v\u00a0oblasti zpracov\u00e1n\u00ed sign\u00e1lu, akustiky a studiov\u00e9 techniky. Je \u010dlenem \u010desk\u00e9 sekce Audio Engineering Society. Ve v\u00fduce i v\u00fdzkumu se zab\u00fdv\u00e1 \u0161irokou oblast\u00ed zvukov\u00e9 techniky, se zam\u011b\u0159en\u00edm zejm\u00e9na na zpracov\u00e1n\u00ed sign\u00e1lu v\u00a0lidsk\u00e9 sluchov\u00e9 dr\u00e1ze, hodnocen\u00edm kvality a prostorov\u00fdm zvukem. Jsem spoluautorem V\u0160 skript Multim\u00e9dia I a \u0159ady odborn\u00fdch konferen\u010dn\u00edch a \u010dasopiseck\u00fdch publikac\u00ed.\n<\/p><\/div>\n<\/div>\n<\/div>\n<h4>Fakulta architektury<\/h4>\n<div class=\"members\">\n<div class=\"member row\">\n<div class=\"medium-3 large-2 columns member-photo\"><img decoding=\"async\" src=\"https:\/\/www.iim.cz\/wp-content\/themes\/IIM-Theme\/images\/nophoto.png\" alt=\"\" \/><\/div>\n<div class=\"medium-9 large-10 columns\">\n<p class=\"name\">Doc. MgA. Josef \u0160afa\u0159\u00edk, Ph.D.<\/p>\n<p>Absolvent doktorandsk\u00e9ho studia na V\u0160UP v Praze, obory sklo v architektu\u0159e \/ aplikace nov\u00fdch technologi\u00ed ve v\u00fdtvarn\u00e9m um\u011bn\u00ed. V\u011bnuje se socha\u0159stv\u00ed, nov\u00fdm m\u00e9di\u00edm a medail\u00e9rstv\u00ed. M\u00e1 za sebou celou \u0159adu samostatn\u00fdch a hromadn\u00fdch v\u00fdstav, \u00fa\u010dastnil se n\u011bkolika socha\u0159sk\u00fdch sympozi\u00ed. Od roku 2009 p\u016fsob\u00ed jako odborn\u00fd asistent v ateli\u00e9ru Karel a v ateli\u00e9ru v\u00fdtvarn\u00e9 tvorby na \u00fastavu pr\u016fmyslov\u00e9ho designu FA \u010cVUT u prof. ak. soch. Mariana Karla. U p\u0159\u00edle\u017eitosti slavnostn\u00edho otev\u0159en\u00ed budovy FA \u010cVUT v roce 2011 realizoval projekt Tetris a Laser CUBE. Festival sv\u011btla SIGNAL v Praze obohatila jeho speci\u00e1ln\u00ed videoprojekce Slunce. Zastoupen v muzejn\u00edch i soukrom\u00fdch sb\u00edrk\u00e1ch v \u010cesku i zahrani\u010d\u00ed.\n<\/p><\/div>\n<\/div>\n<div class=\"member row\">\n<div class=\"medium-3 large-2 columns member-photo\"><img decoding=\"async\" src=\"https:\/\/www.iim.cz\/wp-content\/themes\/IIM-Theme\/images\/nophoto.png\" alt=\"\" \/><\/div>\n<div class=\"medium-9 large-10 columns\">\n<p class=\"name\">prof. Akad. arch. Vladim\u00edr Soukenka<\/p>\n<p>Architekt, vedouc\u00ed \u00fastavu interi\u00e9ru a v\u00fdstavnictv\u00ed na FA \u010cVUT od roku 1991. Vystudoval obor architektura na pra\u017esk\u00e9 V\u0160UP v ateli\u00e9ru prof. Josefa Svobody. Pracoval jako sc\u00e9nograf M\u011bstsk\u00e9ho divadla ve Zl\u00edn\u011b a N\u00e1rodn\u00edho divadla v Praze. Byl vedouc\u00ed um\u011blecko- technick\u00e9ho provozu v Latern\u011b Magice. Tak\u00e9 p\u016fsobil jako studiov\u00fd architekt v \u010cesk\u00e9 televizi. V roce 2007 z\u00edskal titul docent pro obor architektura.\n<\/p><\/div>\n<\/div>\n<\/div>\n<h3>Akademie m\u00fazick\u00fdch um\u011bn\u00ed v Praze<\/h3>\n<h4>Filmov\u00e1 a televizn\u00ed fakulta<\/h4>\n<div class=\"members\">\n<div class=\"member row\">\n<div class=\"medium-3 large-2 columns member-photo\"><img decoding=\"async\" src=\"https:\/\/www.iim.cz\/wp-content\/themes\/IIM-Theme\/images\/nophoto.png\" alt=\"\" \/><\/div>\n<div class=\"medium-9 large-10 columns\">\n<p class=\"name\">Doc. MgA. Martin Bla\u017e\u00ed\u010dek, Ph.D.<\/p>\n<p class=\"member-info\">web: <a title=\"\" href=\"https:\/\/blazicek.net\">blazicek.net<\/a><\/p>\n<p>Absolvent FAMU \u2013 obor St\u0159ihov\u00e1 skladba, na t\u00e9\u017ee \u0161kole z\u00edskal doktorsk\u00fd titul. Zab\u00fdv\u00e1 se pohybliv\u00fdm obrazem a performanc\u00ed. Ve sv\u00e9 tvrob\u011b vyu\u017e\u00edv\u00e1 \u0161irokou paletu m\u00e9di\u00ed, v\u010detn\u011b filmov\u00e9ho materi\u00e1lu, videa a kreativn\u00edho programov\u00e1n\u00ed. \u017div\u011b vystupoval s \u0159adou hudbn\u00edk\u016f (Emiter, Michal Zbo\u0159il, Kry\u0161tof Pe\u0161ek, Steven Ball, Andras Blazsek, Zenial, Arszyn, Hannes Hoelzl, Bryan Eubanks), byl sou\u010d\u00e1st\u00ed live-codingov\u00e9ho seskupen\u00ed Kolektiv. V posledn\u00edch letech spolupracoval se skupinou D\u2019epog. Ve sv\u00fdch v\u00fdzkumn\u00fdch projektech se v\u011bnuje zejm\u00e9na \u010deskoslovensk\u00e9mu undergroundov\u00e9mu filmu 80. let, videoartu a experiment\u00e1ln\u00edmu filmu. Publikuje v \u010dasopisech Iluminace, Kino ikon, A2, Art + Antique a dal\u0161\u00ed.\n<\/p><\/div>\n<\/div>\n<div class=\"member row\">\n<div class=\"medium-3 large-2 columns member-photo\"><img decoding=\"async\" src=\"https:\/\/www.iim.cz\/wp-content\/themes\/IIM-Theme\/images\/nophoto.png\" alt=\"\" \/><\/div>\n<div class=\"medium-9 large-10 columns\">\n<p class=\"name\">Ond\u0159ej \u0160ejnoha, Dis.<\/p>\n<p>Filmov\u00fd producent a \u0159editel Studia FAMU &nbsp;&nbsp;&nbsp;&nbsp;&nbsp;&nbsp;&nbsp;&nbsp;&nbsp;&nbsp;&nbsp;&nbsp;&nbsp;&nbsp;&nbsp;&nbsp;&nbsp;&nbsp;&nbsp;&nbsp;&nbsp;&nbsp;&nbsp;&nbsp;&nbsp;&nbsp;&nbsp;&nbsp;&nbsp;&nbsp;&nbsp;&nbsp;&nbsp;&nbsp;&nbsp;&nbsp;&nbsp;&nbsp;&nbsp;&nbsp;&nbsp;&nbsp;&nbsp;&nbsp;&nbsp;&nbsp;&nbsp;&nbsp;&nbsp;&nbsp;&nbsp;&nbsp;&nbsp;&nbsp;&nbsp;&nbsp;&nbsp;&nbsp;&nbsp;&nbsp;&nbsp;&nbsp;&nbsp;&nbsp;&nbsp;&nbsp;&nbsp;&nbsp;&nbsp;&nbsp;&nbsp;&nbsp;&nbsp;&nbsp;&nbsp;&nbsp;&nbsp;&nbsp;&nbsp;&nbsp;&nbsp;&nbsp;&nbsp;&nbsp;&nbsp;&nbsp;&nbsp;&nbsp;&nbsp;&nbsp;&nbsp;&nbsp;&nbsp;&nbsp;&nbsp;&nbsp;&nbsp;&nbsp;&nbsp;&nbsp;&nbsp;&nbsp;&nbsp;&nbsp;&nbsp;&nbsp;&nbsp;&nbsp;&nbsp;&nbsp;&nbsp;&nbsp;&nbsp;&nbsp;&nbsp;&nbsp;&nbsp;&nbsp;&nbsp;&nbsp;&nbsp;&nbsp;&nbsp;&nbsp;&nbsp;&nbsp;&nbsp;&nbsp;&nbsp;&nbsp;&nbsp;&nbsp;&nbsp;&nbsp;&nbsp;&nbsp;&nbsp;&nbsp;&nbsp;&nbsp;&nbsp;&nbsp;&nbsp;&nbsp;&nbsp;&nbsp;&nbsp;&nbsp;&nbsp;&nbsp;&nbsp;&nbsp;&nbsp;&nbsp;&nbsp;&nbsp;&nbsp;&nbsp;&nbsp;&nbsp;&nbsp;&nbsp;&nbsp;&nbsp;&nbsp;&nbsp;&nbsp;&nbsp;&nbsp;&nbsp;&nbsp;&nbsp;&nbsp;&nbsp;&nbsp;&nbsp;&nbsp;&nbsp;&nbsp;&nbsp;&nbsp;&nbsp;&nbsp;&nbsp;&nbsp;&nbsp;&nbsp;&nbsp;&nbsp;&nbsp;&nbsp;&nbsp;&nbsp;&nbsp;&nbsp;&nbsp;&nbsp;&nbsp;&nbsp;&nbsp;\n<\/p><\/div>\n<\/div>\n<\/div>\n<h4>Divadeln\u00ed fakulta<\/h4>\n<div class=\"members\">\n<div class=\"member row\">\n<div class=\"medium-3 large-2 columns member-photo\"><img decoding=\"async\" src=\"https:\/\/www.iim.cz\/wp-content\/themes\/IIM-Theme\/images\/nophoto.png\" alt=\"\" \/><\/div>\n<div class=\"medium-9 large-10 columns\">\n<p class=\"name\">Mgr. Michal Somo\u0161<\/p>\n<p>Absolvoval kulturologii na Filosofick\u00e9 fakult\u011b University Komensk\u00e9ho v Bratislav\u011b. P\u016fsobil v Divadle P\u00f4to\u0148 jako produk\u010dn\u00ed, v letech 2006 \u2013 2011 jako v\u00fdkonn\u00fd \u0159editel. Od roku 2011 \u017eije v Praze a pracuje na DAMU jako projektov\u00fd mana\u017eer, od b\u0159ezna 2021 jako prod\u011bkan pro studijn\u00ed a pedagogick\u00e9 z\u00e1le\u017eitosti a um\u011bleckou \u010dinnost. Je producentem progresivn\u00edch inscenac\u00ed dokument\u00e1rn\u00edho divadla, live-cinema, sou\u010dasn\u00e9 opery a tance, na kter\u00fdch spolupracoval s re\u017eis\u00e9ry nez\u00e1visl\u00e9 divadeln\u00ed a tane\u010dn\u00ed sc\u00e9ny na Slovensku, v \u010cech\u00e1ch a ve Francii, mj.s Ivetou Ditte Jur\u010dovou, Laurentem Festasem, Magdou Stojowskou a Petrou Tejnorovou. S Petrou a s Terezou Ondrovou zalo\u017eil a do roku 2022 provozn\u011b vedl Temporary Collective, kde produkoval tak\u00e9 sv\u016fj zatim posledn\u00ed projekt v \u017e\u00e1nru live cinema Putinovi agenti.\n<\/p><\/div>\n<\/div>\n<div class=\"member row\">\n<div class=\"medium-3 large-2 columns member-photo\"><img decoding=\"async\" src=\"https:\/\/www.iim.cz\/wp-content\/themes\/IIM-Theme\/images\/nophoto.png\" alt=\"\" \/><\/div>\n<div class=\"medium-9 large-10 columns\">\n<p class=\"name\">MgA. Robert Smol\u00edk<\/p>\n<p>Jevi\u0161tn\u00ed a p\u0159\u00edle\u017eitostn\u00fd sv\u011bteln\u00fd design\u00e9r. Vyu\u010duje na kated\u0159e alternativn\u00edho a loutkov\u00e9ho divadla DAMU. Robert do IIM p\u0159in\u00e1\u0161\u00ed sv\u011btlo. Studoval na kated\u0159e sc\u00e9nografie na AMU v Praze a od roku 2004 tam vyu\u010duje. Jako sc\u00e9nograf spolupracoval s \u0159adou profesion\u00e1ln\u00edch loutkov\u00fdch divadel a nez\u00e1visl\u00fdch um\u011blc\u016f a vytvo\u0159il i mnoho vlastn\u00edch um\u011bleck\u00fdch projekt\u016f. V posledn\u00ed dob\u011b se soust\u0159ed\u00ed na spolupr\u00e1ci s nez\u00e1visl\u00fdm divadeln\u00edm souborem Buchty a loutky a na v\u00fdzkum a v\u00fdvoj ve skupin\u011b Handa Gote research &#038; development.\n<\/p><\/div>\n<\/div>\n<\/div>\n<h4>Hudebn\u00ed a tane\u010dn\u00ed fakulta<\/h4>\n<div class=\"members\">\n<div class=\"member row\">\n<div class=\"medium-3 large-2 columns member-photo\"><img decoding=\"async\" src=\"https:\/\/www.iim.cz\/wp-content\/themes\/IIM-Theme\/images\/nophoto.png\" alt=\"\" \/><\/div>\n<div class=\"medium-9 large-10 columns\">\n<p class=\"name\">Tom\u00e1\u0161 Mor\u00e1vek<\/p>\n<p>Objevil profesi sv\u011bteln\u00fd design d\u00edky tane\u010dn\u00ed konzervato\u0159i Duncan Centre s\u00eddl\u00edc\u00ed v jeho sousedstv\u00ed a zjistil, \u017ee je sv\u011bteln\u00fd design pro sou\u010dasnou tane\u010dn\u00ed tvorbu z\u00e1sadn\u00ed. Od t\u00e9 doby se st\u00e1le prohlubuje z\u00e1jem o tanec a sv\u011btlo. Byl a je fascinov\u00e1n sv\u011btlem, jeho\u017e neust\u00e1l\u00edm pozorov\u00e1n\u00edm se dopracoval a\u017e k profesi sv\u011bteln\u00e9ho designera. Zku\u0161enosti sb\u00edral nejenom na Pra\u017esk\u00fdch divadeln\u00edch sc\u00e9n\u00e1ch ale i ve Francii s Divadlem Brat\u0159\u00ed Forman\u016f, v Nizozem\u00ed p\u0159i realizaci projekt\u016f student\u016f Amsterdam University of Arts, v Bulharsku p\u0159i spolupr\u00e1ci s re\u017eis\u00e9rkou Veselkou Kunchevou, na sc\u00e9n\u00e1ch N\u00e1rodn\u00edho divadla v Praze, Ostrav\u011b a Brn\u011b, v kulturn\u00edm centru Stanica \u017dilina \u2013 Z\u00e1rie\u010die na Slovensku, v Ma\u010farsku na festivalu L1, atd\u2026 Projekty na kter\u00fdch spolupracoval jako sv\u011bteln\u00fd designer P\u00e9r\u00e1k Vosto5 (2011), Animalinside Jaro Vi\u0148arsk\u00fd (2012), You are here Petra Tejnorov\u00e1, Jaro Vi\u0148arsk\u00fd a kol. (2016), PITCH Jan B\u00e1rta (2015), Kolonizace \u2013 nov\u00fd po\u010d\u00e1tek Vosto5 (2016), KEEP CALM Ufften\u017eivot (2017), Kr\u00e1l Oidip\u00fas Jan Fri\u010d (2019).\n<\/p><\/div>\n<\/div>\n<div class=\"member row\">\n<div class=\"medium-3 large-2 columns member-photo\"><img decoding=\"async\" src=\"https:\/\/www.iim.cz\/wp-content\/themes\/IIM-Theme\/images\/nophoto.png\" alt=\"\" \/><\/div>\n<div class=\"medium-9 large-10 columns\">\n<p class=\"name\">MgA. V\u011bra Ondra\u0161\u00edkov\u00e1<\/p>\n<p>Vystudovala obor choreografie a teorie choreografie na tane\u010dn\u00ed kated\u0159e pra\u017esk\u00e9 HAMU, kde je rovn\u011b\u017e nyn\u00ed pegago\u017ekou<br \/>\nJej\u00ed p\u0159edstaven\u00ed byla uvedena na festivalech Tanec Praha, Biennale de la Danse v Lyonu, na festivalu Aerowaves v Lond\u00fdn\u011b, Aerodance v Amsterdamu, Cynetart v Dr\u00e1\u017e\u010fanech a Masdanza na Kan\u00e1rsk\u00fdch ostrovech (I. cena za skupinov\u00e9 d\u00edlo). Jako reziden\u010dn\u00ed choreografka pracovala v Mexiku, N\u011bmecku a ve Francii. Vytvo\u0159ila choreografii k Havlov\u00fdm Antik\u00f3d\u016fm na Nov\u00e9 sc\u00e9n\u011b ND, kter\u00e9 byly v roce 2013 uvedeny ve Washingtonu, Miami a New Yorku.<br \/>\nPozornost odborn\u00e9 kritiky vzbudil jej\u00ed projekt GUIDE (2016), hledaj\u00edc\u00ed nov\u00e9 formy pr\u00e1ce s pohybem, sv\u011btlem a zvukem. Extern\u00ed pedagog soubor\u016f Laterna Magika a Lenka Vagnerov\u00e1 &#038; Company.\n<\/p><\/div>\n<\/div>\n<\/div>\n<h3>Vysok\u00e1 \u0161kola um\u011blecko-pr\u016fmyslov\u00e1<\/h3>\n<div class=\"members\">\n<div class=\"member row\">\n<div class=\"medium-3 large-2 columns member-photo\"><img decoding=\"async\" src=\"https:\/\/www.iim.cz\/wp-content\/themes\/IIM-Theme\/images\/nophoto.png\" alt=\"\" \/><\/div>\n<div class=\"medium-9 large-10 columns\">\n<p class=\"name\">MgA. Vlastimil Bartas<\/p>\n<p>Design\u00e9r, vysoko\u0161kolsk\u00fd pedagog. &nbsp;&nbsp;&nbsp;&nbsp;&nbsp;&nbsp;&nbsp;&nbsp;&nbsp;&nbsp;&nbsp;&nbsp;&nbsp;&nbsp;&nbsp;&nbsp;&nbsp;&nbsp;&nbsp;&nbsp;&nbsp;&nbsp;&nbsp;&nbsp;&nbsp;&nbsp;&nbsp;&nbsp;&nbsp;&nbsp;&nbsp;&nbsp;&nbsp;&nbsp;&nbsp;&nbsp;&nbsp;&nbsp;&nbsp;&nbsp;&nbsp;&nbsp;&nbsp;&nbsp;&nbsp;&nbsp;&nbsp;&nbsp;&nbsp;&nbsp;&nbsp;&nbsp;&nbsp;&nbsp;&nbsp;&nbsp;&nbsp;&nbsp;&nbsp;&nbsp;&nbsp;&nbsp;&nbsp;&nbsp;&nbsp;&nbsp;&nbsp;&nbsp;&nbsp;&nbsp;&nbsp;&nbsp;&nbsp;&nbsp;&nbsp;&nbsp;&nbsp;&nbsp;&nbsp;&nbsp;&nbsp;&nbsp;&nbsp;&nbsp;&nbsp;&nbsp;&nbsp;&nbsp;&nbsp;&nbsp;&nbsp;&nbsp;&nbsp;&nbsp;&nbsp;&nbsp;&nbsp;&nbsp;&nbsp;&nbsp;&nbsp;&nbsp;&nbsp;&nbsp;&nbsp;&nbsp;&nbsp;&nbsp;&nbsp;&nbsp;&nbsp;&nbsp;&nbsp;&nbsp;&nbsp;&nbsp;&nbsp;&nbsp;&nbsp;&nbsp;&nbsp;&nbsp;&nbsp;&nbsp;&nbsp;&nbsp;&nbsp;&nbsp;&nbsp;&nbsp;&nbsp;&nbsp;&nbsp;&nbsp;&nbsp;&nbsp;&nbsp;&nbsp;&nbsp;&nbsp;&nbsp;&nbsp;&nbsp;&nbsp;&nbsp;&nbsp;&nbsp;&nbsp;&nbsp;&nbsp;&nbsp;&nbsp;&nbsp;&nbsp;&nbsp;&nbsp;&nbsp;&nbsp;&nbsp;&nbsp;&nbsp;&nbsp;&nbsp;&nbsp;&nbsp;&nbsp;&nbsp;&nbsp;&nbsp;&nbsp;&nbsp;&nbsp;&nbsp;&nbsp;&nbsp;&nbsp;&nbsp;&nbsp;&nbsp;&nbsp;&nbsp;&nbsp;&nbsp;&nbsp;&nbsp;&nbsp;&nbsp;&nbsp;&nbsp;&nbsp;&nbsp;&nbsp;&nbsp;&nbsp;&nbsp;&nbsp;&nbsp;&nbsp;&nbsp;&nbsp;\n<\/p><\/div>\n<\/div>\n<\/div>\n<p><\/p>","protected":false},"excerpt":{"rendered":"<p>\u0158\u00edd\u00edc\u00ed rada (d\u00e1le \u201eRada\u201c) je org\u00e1n tvo\u0159en\u00fd z\u00e1stupci partnersk\u00fdch \u0161kol jmenovan\u00fdmi a odvol\u00e1van\u00fdmi p\u0159\u00edslu\u0161n\u00fdmi d\u011bkany fakult (obecn\u011b statut\u00e1rn\u00edmi z\u00e1stupci v p\u0159\u00edpad\u011b jin\u00e9ho typu \u0161koly bez \u010dlen\u011bn\u00ed na fakulty). Kandid\u00e1ty na \u010dleny Rady mohou b\u00fdt akademi\u010dt\u00ed pracovn\u00edci nebo studenti fakult partnersk\u00fdch \u0161kol. Slo\u017een\u00ed Rady je voleno tak, aby byly odborn\u011b pokryty v\u0161echny aktivity Institutu. Ka\u017ed\u00e1 partnersk\u00e1 [&hellip;]<\/p>\n","protected":false},"author":11,"featured_media":0,"parent":0,"menu_order":0,"comment_status":"closed","ping_status":"closed","template":"","meta":{"footnotes":""},"class_list":["post-1914","page","type-page","status-publish","hentry"],"_links":{"self":[{"href":"https:\/\/www.iim.cz\/cs\/wp-json\/wp\/v2\/pages\/1914","targetHints":{"allow":["GET"]}}],"collection":[{"href":"https:\/\/www.iim.cz\/cs\/wp-json\/wp\/v2\/pages"}],"about":[{"href":"https:\/\/www.iim.cz\/cs\/wp-json\/wp\/v2\/types\/page"}],"author":[{"embeddable":true,"href":"https:\/\/www.iim.cz\/cs\/wp-json\/wp\/v2\/users\/11"}],"replies":[{"embeddable":true,"href":"https:\/\/www.iim.cz\/cs\/wp-json\/wp\/v2\/comments?post=1914"}],"version-history":[{"count":21,"href":"https:\/\/www.iim.cz\/cs\/wp-json\/wp\/v2\/pages\/1914\/revisions"}],"predecessor-version":[{"id":2196,"href":"https:\/\/www.iim.cz\/cs\/wp-json\/wp\/v2\/pages\/1914\/revisions\/2196"}],"wp:attachment":[{"href":"https:\/\/www.iim.cz\/cs\/wp-json\/wp\/v2\/media?parent=1914"}],"curies":[{"name":"wp","href":"https:\/\/api.w.org\/{rel}","templated":true}]}}