{"id":1961,"date":"2023-02-07T10:57:11","date_gmt":"2023-02-07T09:57:11","guid":{"rendered":"https:\/\/www.iim.cz\/?page_id=1961"},"modified":"2023-03-31T15:56:02","modified_gmt":"2023-03-31T14:56:02","slug":"sil23","status":"publish","type":"page","link":"https:\/\/www.iim.cz\/cs\/sil23\/","title":{"rendered":"Studentsk\u00e1 intermedi\u00e1ln\u00ed laborato\u0159 (SIL23)"},"content":{"rendered":"<p><\/p>\n<h3><strong>mezioborov\u00e1 projektov\u00e1 sout\u011b\u017e pro studenty<\/strong><\/h3>\n<p>Institut interm\u00e9di\u00ed p\u0159i <a href=\"http:\/\/fel.cvut.cz\">Fakult\u011b elektrotechnick\u00e9 \u010cVUT<\/a> v Praze (IIM) ve spolupr\u00e1ci s <a href=\"http:\/\/amu.cz\">Akademi\u00ed m\u00fazick\u00fdch um\u011bn\u00ed<\/a> v Praze, <a href=\"http:\/\/fa.cvut.cz\">Fakultou architektury \u010cVUT<\/a> v Praze a <a href=\"http:\/\/umprum.cz\">Vysokou \u0161kolou um\u011bleckopr\u016fmyslovou<\/a> v Praze vyhla\u0161uje studentskou projektovou sout\u011b\u017e na realizaci tv\u016fr\u010d\u00edho intermedi\u00e1ln\u00edho projektu.<\/p>\n<table>\n<tbody>\n<tr>\n<td style=\"background-color: lightgray;border: 1px solid gray\">\nInstitut interm\u00e9di\u00ed (<a href=\"http:\/\/iim.cz\">iim.cz<\/a>, <a href=\"http:\/\/gallery.iim.cz\">gallery.iim.cz<\/a>) je mezi-univerzitn\u00ed spole\u010dn\u00e9 pracovi\u0161t\u011b zalo\u017een\u00e9 na podporu v\u00fduky na pomez\u00ed sc\u00e9nick\u00fdch, multimedi\u00e1ln\u00edch, VR a interaktivn\u00edch discipl\u00edn a mezioborov\u00fdch studentsk\u00fdch projekt\u016f v t\u00e9to oblasti. S\u00eddl\u00ed v halov\u00fdch laborato\u0159\u00edch Fakulty elektrotechnick\u00e9 \u010cVUT v Praze Dejvic\u00edch.\n<\/td>\n<\/tr>\n<\/tbody>\n<\/table>\n<table>\n<tbody>\n<tr>\n<td><img loading=\"lazy\" decoding=\"async\" class=\"alignnone\" src=\"https:\/\/www.iim.cz\/wp-content\/uploads\/2023\/02\/Guide-Ponec-Ondrasikova-web.png\" alt=\"course\" width=\"1200\" height=\"300\" \/><\/td>\n<\/tr>\n<\/tbody>\n<\/table>\n<h3>C\u00edl sout\u011b\u017ee<\/h3>\n<p>C\u00edlem sout\u011b\u017ee je podpo\u0159it tv\u016fr\u010d\u00ed projekty student\u016f a studentek vyhla\u0161uj\u00edc\u00edch \u0161kol s d\u016frazem na mezioborovou spolupr\u00e1ci a \u00fa\u010dast t\u00fdm\u016f slo\u017een\u00fdch z r\u016fzn\u00fdch studijn\u00edch obor\u016f a \u0161kol. Sout\u011b\u017e je ur\u010dena zejm\u00e9na pro projekty intermedi\u00e1ln\u00edho charakteru propojuj\u00edc\u00ed um\u011bn\u00ed a technologie s d\u016frazem na sc\u00e9nick\u00e9 proveden\u00ed a prvky interaktivity. Do sout\u011b\u017ee je mo\u017en\u00e9 p\u0159ihl\u00e1sit i absolventsk\u00fd projekt bakal\u00e1\u0159sk\u00e9ho, magistersk\u00e9ho i doktorsk\u00e9ho stupn\u011b studia.<\/p>\n<hr \/>\n<div style=\"background-color: lightgray;border: 1px solid gray\">\n<h3>Vyhl\u00e1\u0161en\u00ed v\u00fdsledku sout\u011b\u017ee<\/h3>\n<p>Rada IIM p\u0159ijala n\u00e1sleduj\u00edc\u00ed t\u0159i projekty:<\/p>\n<ul>\n<li><b>SPEKTRA<\/b>, Viktorie \u0160t\u011bp\u00e1nov\u00e1 FAMU <\/li>\n<li><b>Skeleton Woman<\/b>, Johana Panenkov\u00e1, HAMU <\/li>\n<li><b>Partyz\u00e1nka<\/b>, Am\u00e1lie Poledn\u00ed\u010dkov\u00e1, DAMU <\/li>\n<\/ul>\n<p>Na z\u00e1klad\u011b hodnocen\u00ed jednotliv\u00fdmi \u010dleny Rady IIM a n\u00e1sledn\u00e9ho hlasov\u00e1n\u00ed byly p\u0159edlo\u017een\u00e9 projekty se\u0159azeny n\u00e1sledovn\u011b:<\/p>\n<ol>\n<li><b>Partyz\u00e1nka<\/b><\/li>\n<li><b>SPEKTRA<\/b><\/li>\n<li><b>Skeleton Woman<\/b><\/li>\n<\/ol>\n<p>K reziden\u010dn\u00ed podpo\u0159e v IIM pro rok 2023 byl vybr\u00e1n prvn\u00ed z projekt\u016f &#8211; <b>Partyz\u00e1nka<\/b>.\n<\/div>\n<hr \/>\n<h3>Podpora<\/h3>\n<p>Pro realizaci vybran\u00e9ho projektu z\u00edsk\u00e1 \u00fasp\u011b\u0161n\u00fd \u017eadatel n\u00e1sleduj\u00edc\u00ed podporu:<\/p>\n<ul>\n<li>Rezidence v prostoru Institutu interm\u00e9di\u00ed (<a href=\"https:\/\/gallery.iim.cz\/index.php\/2008_Lighting\/img_2095\">n\u00e1hled do prostoru<\/a>, <a href=\"https:\/\/www.iim.cz\/wp-content\/uploads\/2023\/02\/iim-working-hall-scheme-2023-v01.pdf\">sch\u00e9ma p\u016fdorysu prostoru<\/a>) v d\u00e9lce trv\u00e1n\u00ed a\u017e 3 t\u00fddny (pracovn\u00ed dny 9-18h).<\/li>\n<li>Technick\u00e9 a technologick\u00e9 zaji\u0161t\u011bn\u00ed projektu v podob\u011b z\u00e1p\u016fj\u010dek aktu\u00e1ln\u00edho vybaven\u00ed IIM (<a href=\"https:\/\/www.iim.cz\/cs\/rezervace-prostoru\/#seznam-vybaveni\">seznam vybaven\u00ed<\/a>).<\/li>\n<li>Konzultace v oblasti v\u00fdvoje a pou\u017e\u00edv\u00e1n\u00ed software pro interaktivn\u00ed, multimedi\u00e1ln\u00ed a VR aplikace.<\/li>\n<li>Uhrazen\u00ed materi\u00e1lov\u00fdch n\u00e1klad\u016f a slu\u017eeb do v\u00fd\u0161e 24 000 K\u010d. Doporu\u010dujeme vyhledat a vyu\u017e\u00edt i dal\u0161\u00ed jin\u00e9 zdroje financov\u00e1n\u00ed.<\/li>\n<\/ul>\n<h3>Podm\u00ednky realizace<\/h3>\n<p>Podpo\u0159en\u00fd projekt mus\u00ed b\u00fdt zakon\u010den ve\u0159ejnou prezentac\u00ed nejpozd\u011bji do 30. 11. 2023.<br \/>\nProjekt lze prezentovat v prostoru Institutu interm\u00e9di\u00ed, nebo jin\u00e9m, dle volby realiza\u010dn\u00edho t\u00fdmu.<br \/>\nZ\u00e1v\u011bre\u010dn\u00e1 zpr\u00e1va projektu mus\u00ed b\u00fdt odevzd\u00e1na nejpozd\u011bji do 30. 11. 2023. Jako jej\u00ed sou\u010d\u00e1st se p\u0159edkl\u00e1d\u00e1 vy\u00fa\u010dtov\u00e1n\u00ed poskytnut\u00fdch finan\u010dn\u00edch prost\u0159edk\u016f a obrazov\u00e1 dokumentace projektu.<\/p>\n<p>V\u0161echny ve\u0159ejn\u00e9 v\u00fdstupy projektu mus\u00ed b\u00fdt ozna\u010deny dedikac\u00ed ve zn\u011bn\u00ed: <em>Projekt vznikl na z\u00e1klad\u011b projektov\u00e9 sout\u011b\u017ee Institutu interm\u00e9di\u00ed p\u0159i FEL \u010cVUT a byl podpo\u0159en z prost\u0159edk\u016f \u010cVUT, AMU a UMPRUM.<\/em><\/p>\n<h3>Harmonogram projektu (d\u016fle\u017eit\u00e9 term\u00edny)<\/h3>\n<ul>\n<li><strong>Pod\u00e1n\u00ed \u017e\u00e1dosti:<\/strong> do <strong>17. 3. 2023 (23:59)<\/strong> emailem na adresu <strong>kantodag at fel.cvut.cz<\/strong>.<\/li>\n<li><strong>Zve\u0159ejn\u011bn\u00ed v\u00fdsledku:<\/strong> do 31. 3. 2023 na adrese <a href=\"https:\/\/www.iim.cz\/sil23\">https:\/\/www.iim.cz\/sil23<\/a>.<\/li>\n<li><strong>Realizace projektu:<\/strong> 1. 4. 2023 \u2013 30.11. 2023.<\/li>\n<li><strong>Mo\u017en\u00e1 rezidence v IIM:<\/strong> 1. 4. 2023 \u2013 30. 11. 2023.<\/li>\n<li><strong>Vy\u00fa\u010dtov\u00e1n\u00ed projektu:<\/strong> do <strong>30. 11. 2023<\/strong> emailem na adresu kantodag at fel.cvut.cz.<\/li>\n<\/ul>\n<h3>Uchaze\u010d<\/h3>\n<p>Sout\u011b\u017e se vyhla\u0161uje pro jednolet\u00e9 projekty \u0159e\u0161en\u00e9 studenty a studentkami v\u0161ech typ\u016f studia Fakulty elektrotechnick\u00e9 \u010cVUT v Praze, Akademie m\u00fazick\u00fdch um\u011bn\u00ed v Praze, Fakulty architektury \u010cVUT v Praze a Vysok\u00e9 \u0161koly um\u011bleckopr\u016fmyslov\u00e9 v Praze v obdob\u00ed 1. 4. 2023 \u2013 31. 12. 2023.<\/p>\n<h3>Zp\u016fsob pro pod\u00e1n\u00ed \u017e\u00e1dost\u00ed<\/h3>\n<p>Do 17. 3. 2023 (23:59) ve form\u00e1tu PDF e-mailem na kantodag at fel.cvut.cz.<\/p>\n<p><strong>Pozor<\/strong>: soubory v\u011bt\u0161\u00ed ne\u017e 5MB nasd\u00edlejte (nap\u0159. na google doc) a po\u0161lete jen odkaz.<\/p>\n<h3>Obsah \u017e\u00e1dosti o podporu projektu<\/h3>\n<p>\u017d\u00e1dost o podporu projektu (v rozsahu max. 2 strany bez p\u0159\u00edlohy) mus\u00ed obsahovat:<\/p>\n<ul>\n<li>V\u00fdsti\u017en\u00fd popis projektu (jasn\u00e1 formulace obsahu, c\u00edle a zp\u016fsobu realizace).<\/li>\n<li>R\u00e1mcov\u00fd \u010dasov\u00fd harmonogram (kde bude jasn\u00e9, v jak\u00fdch obdob\u00edch m\u00e1 b\u00fdt vyu\u017eit prostor IIM a uva\u017eovan\u00fd term\u00edn ve\u0159ejn\u00e9 prezentace).<\/li>\n<li>Stav \u0159e\u0161en\u00ed problematiky zpracov\u00e1van\u00e9 projektem.<\/li>\n<li>Realiza\u010dn\u00ed t\u00fdm s vymezen\u00edm rol\u00ed jednotliv\u00fdch \u010dlen\u016f.<\/li>\n<li>Strukturovan\u00e9 CV \u017eadatele a \u010dlen\u016f realiza\u010dn\u00edho t\u00fdmu (uve\u010fte jako p\u0159\u00edlohu).<\/li>\n<li>Rozpo\u010det. Rozvaha se strukturou p\u0159edpokl\u00e1dan\u00fdch n\u00e1klad\u016f a po\u017eadovan\u00fdch finan\u010dn\u00edch prost\u0159edk\u016f (uve\u010fte jako p\u0159\u00edlohu).<\/li>\n<li>Doporu\u010duj\u00edc\u00ed dopis mentora\/mentorky (uve\u010fte jako p\u0159\u00edlohu).<\/li>\n<li>Strukturovan\u00e9 CV mentora\/mentorky (uve\u010fte jako p\u0159\u00edlohu).<\/li>\n<\/ul>\n<p>P\u0159edlo\u017een\u00e9 \u017e\u00e1dosti o podporu projekt\u016f vyhodnot\u00ed <a href=\"https:\/\/www.iim.cz\/cs\/ridici-rada-iim\/\">\u0158\u00edd\u00edc\u00ed rada IIM<\/a>, slo\u017een\u00e1 ze z\u00e1stupc\u016f v\u0161ech vyhla\u0161uj\u00edc\u00edch \u0161kol.<\/p>\n<h3>Krit\u00e9ria hodnocen\u00ed<\/h3>\n<ul>\n<li>Podan\u00e9 \u017e\u00e1dost posuzuje rada IIM z hlediska inovativn\u00edho p\u0159\u00ednosu pro obor, um\u011bleck\u00e9 kvality a realizovatelnosti projektu.<\/li>\n<li>V sout\u011b\u017ei budou prioritn\u011b podpo\u0159eny projekty podporuj\u00edc\u00ed spolupr\u00e1ci student\u016f v\u00edce z\u00fa\u010dastn\u011bn\u00fdch \u0161kol nap\u0159\u00ed\u010d r\u016fzn\u00fdmi um\u011bleck\u00fdmi discipl\u00ednami.<\/li>\n<li>Podan\u00e9 \u017e\u00e1dost mus\u00ed za\u0161t\u00edtit mentor, kter\u00fd je pedagogem jedn\u00e9 z v\u00fd\u0161e uveden\u00fdch \u0161kol.<\/li>\n<\/ul>\n<p>Pravidla studentsk\u00e9 projektov\u00e9 sout\u011b\u017ee se \u0159\u00edd\u00ed usnesen\u00edm Rady Institutu interm\u00e9di\u00ed ze dne 21. 02. 2023.<\/p>\n<h3>Kontaktn\u00ed osoba<\/h3>\n<p>Dagmar Kantorkov\u00e1 \u2013 kantodag at fel.cvut.cz<br \/>\nInstitut interm\u00e9di\u00ed<br \/>\n\u010cesk\u00e9 vysok\u00e9 u\u010den\u00ed technick\u00e9<br \/>\nFakulta elektrotechnick\u00e1<br \/>\nTechnick\u00e1 2, 166 27, Praha 6 Dejvice<\/p>\n<p>&nbsp;<\/p>\n<p style=\"text-align: left;\"><a href=\"https:\/\/www.iim.cz\/wp-content\/uploads\/2023\/02\/sil23.pdf\">PDF verze zde<\/a>.<\/p>\n<p style=\"text-align: left;\"><a href=\"https:\/\/www.iim.cz\/sil23\">Na za\u010d\u00e1tek str\u00e1nky<\/a><\/p>\n<hr \/>\n<table>\n<tbody>\n<tr>\n<td><img loading=\"lazy\" decoding=\"async\" class=\"alignnone\" src=\"https:\/\/www.iim.cz\/wp-content\/uploads\/2023\/02\/AMU-1-transparentni_pozadi-350x98.png\" alt=\"logo AMU\" width=\"559\" height=\"156\" \/><\/td>\n<td><img loading=\"lazy\" decoding=\"async\" class=\"alignnone\" src=\"https:\/\/www.iim.cz\/wp-content\/uploads\/2023\/02\/logo_CVUT_doplnkova_verze-350x171.jpg\" alt=\"logo \u010cVUT\" width=\"260\" height=\"127\" \/><\/td>\n<td><img loading=\"lazy\" decoding=\"async\" class=\"alignnone\" src=\"https:\/\/www.iim.cz\/wp-content\/uploads\/2023\/02\/umprum_logo_1.png-1-350x47.png\" alt=\"logo UMPRUM\" width=\"401\" height=\"54\" \/><\/td>\n<\/tr>\n<tr>\n<td><\/td>\n<td><img loading=\"lazy\" decoding=\"async\" class=\"alignnone\" src=\"https:\/\/www.iim.cz\/wp-content\/uploads\/2014\/11\/iim_logo-CZ_cmyk_poz-350x67.jpg\" alt=\"logo IIM\" width=\"423\" height=\"81\" \/><\/td>\n<td><\/td>\n<\/tr>\n<\/tbody>\n<\/table>\n<hr \/>\n<p><\/p>","protected":false},"excerpt":{"rendered":"<p>mezioborov\u00e1 projektov\u00e1 sout\u011b\u017e pro studenty Institut interm\u00e9di\u00ed p\u0159i Fakult\u011b elektrotechnick\u00e9 \u010cVUT v Praze (IIM) ve spolupr\u00e1ci s Akademi\u00ed m\u00fazick\u00fdch um\u011bn\u00ed v Praze, Fakultou architektury \u010cVUT v Praze a Vysokou \u0161kolou um\u011bleckopr\u016fmyslovou v Praze vyhla\u0161uje studentskou projektovou sout\u011b\u017e na realizaci tv\u016fr\u010d\u00edho intermedi\u00e1ln\u00edho projektu. Institut interm\u00e9di\u00ed (iim.cz, gallery.iim.cz) je mezi-univerzitn\u00ed spole\u010dn\u00e9 pracovi\u0161t\u011b zalo\u017een\u00e9 na podporu v\u00fduky na [&hellip;]<\/p>\n","protected":false},"author":11,"featured_media":0,"parent":0,"menu_order":0,"comment_status":"closed","ping_status":"closed","template":"","meta":{"footnotes":""},"class_list":["post-1961","page","type-page","status-publish","hentry"],"_links":{"self":[{"href":"https:\/\/www.iim.cz\/cs\/wp-json\/wp\/v2\/pages\/1961","targetHints":{"allow":["GET"]}}],"collection":[{"href":"https:\/\/www.iim.cz\/cs\/wp-json\/wp\/v2\/pages"}],"about":[{"href":"https:\/\/www.iim.cz\/cs\/wp-json\/wp\/v2\/types\/page"}],"author":[{"embeddable":true,"href":"https:\/\/www.iim.cz\/cs\/wp-json\/wp\/v2\/users\/11"}],"replies":[{"embeddable":true,"href":"https:\/\/www.iim.cz\/cs\/wp-json\/wp\/v2\/comments?post=1961"}],"version-history":[{"count":62,"href":"https:\/\/www.iim.cz\/cs\/wp-json\/wp\/v2\/pages\/1961\/revisions"}],"predecessor-version":[{"id":2059,"href":"https:\/\/www.iim.cz\/cs\/wp-json\/wp\/v2\/pages\/1961\/revisions\/2059"}],"wp:attachment":[{"href":"https:\/\/www.iim.cz\/cs\/wp-json\/wp\/v2\/media?parent=1961"}],"curies":[{"name":"wp","href":"https:\/\/api.w.org\/{rel}","templated":true}]}}