{"id":89,"date":"2014-11-13T19:04:04","date_gmt":"2014-11-13T18:04:04","guid":{"rendered":"https:\/\/www.iim.cz\/secret_beta\/?page_id=89"},"modified":"2024-05-10T10:27:45","modified_gmt":"2024-05-10T09:27:45","slug":"team","status":"publish","type":"page","link":"https:\/\/www.iim.cz\/cs\/team\/","title":{"rendered":"Lid\u00e9"},"content":{"rendered":"<p><\/p>\n<h3 class=\"people\">N\u00e1\u0161 hlavn\u00ed t\u00fdm<\/h3>\n<div class=\"members\">\n<p><!-- \u010dleni v sekci --><\/p>\n<div class=\"member row\">\n<div class=\"medium-3 large-2 columns member-photo\"><img decoding=\"async\" src=\"https:\/\/www.iim.cz\/wp-content\/uploads\/2024\/05\/GK8B7386-copy.jpg\" alt=\"Roman Berka\" \/><\/div>\n<div class=\"medium-9 large-10 columns\">\n<p class=\"name\">Roman Berka<\/p>\n<p class=\"member-info\">\u0158editel, e-mail: <a title=\"\" href=\"mailto:berka@iim.cz\">berka@iim.cz<\/a><\/p>\n<p>\u0158editel Institutu interm\u00e9di\u00ed a vysoko\u0161kolsk\u00fd pedagog vyu\u010duj\u00edc\u00ed na kated\u0159e po\u010d\u00edta\u010dov\u00e9 grafiky a interakce. IIM zalo\u017eil v roce 2007 spole\u010dn\u011b s Milo\u0161em Vojt\u011bchovsk\u00fdm a architektem Pavlem Bedn\u00e1\u0159em. Doktor\u00e1t z\u00edskal na kated\u0159e po\u010d\u00edta\u010d\u016f \u010cVUT FEL. Pro IIM vytv\u00e1\u0159\u00ed projekty a vyu\u010duje multim\u00e9dia a po\u010d\u00edta\u010dovou animaci. Vytvo\u0159il n\u011bkolik kurz\u016f v oblasti po\u010d\u00edta\u010dov\u00e9 grafiky a animace. Zab\u00fdval se v\u00fdzkumem v oblasti optimalizace v\u00fdpo\u010dt\u016f v aplikac\u00edch pro virtu\u00e1ln\u00ed realitu. V sou\u010dasnosti se v\u011bnuje v\u00fduce, d\u00e1le v\u00fdzkumu v oblasti zpracov\u00e1n\u00ed pohybov\u00fdch dat, virtu\u00e1ln\u00ed realit\u011b a veden\u00ed IIM.\n<\/p><\/div>\n<\/div>\n<div class=\"member row\">\n<div class=\"medium-3 large-2 columns member-photo\"><img decoding=\"async\" src=\"https:\/\/www.iim.cz\/wp-content\/uploads\/2024\/05\/GK8B7336upraveno-copy.jpg\" alt=\"Dagmar Kantorkov\u00e1\" \/><\/div>\n<div class=\"medium-9 large-10 columns\">\n<p class=\"name\">Dagmar Kantorkov\u00e1<\/p>\n<p class=\"member-info\">Produkce, e-mail: <a href=\"mailto:kantorkova@iim.cz\">kantorkova@iim.cz<\/a><\/p>\n<p>Produk\u010dn\u00ed Institutu intermedi\u00ed od roku 2018, kde m\u00e1 na starosti jeho hladk\u00fd chod. M\u016f\u017eete se na n\u00ed obracet s bookingem prostoru a techniky, zajist\u00ed osobn\u00ed konzultace a sch\u016fzky ostatn\u00edch koleg\u016f; postar\u00e1 se o Va\u0161e eventy. V letech 2006-2019 vedla servisn\u00ed organizaci Nov\u00e1 s\u00ed\u0165, proto mnoho v\u00fdznamn\u00fdch akc\u00ed, na kter\u00fdch se ideov\u011b i produk\u010dn\u011b pod\u00edlela je pod hlavi\u010dkou tohoto networku. Je zakladatelkou a supervizorkou vzd\u011bl\u00e1vac\u00edho programu ART GATE (<a href=\"https:\/\/art-gate.cz\">art-gate.cz<\/a>), kter\u00fd systematicky mapuje a vzd\u011bl\u00e1v\u00e1 technick\u00fd a produk\u010dn\u00ed sektor v oblasti \u017eiv\u00e9 kultury. V obdob\u00ed 2012-2018 byla jednou z dev\u00edti odborn\u00fdch \u010dlen\u016f grantov\u00e9 komise na Ministerstvu kultury \u010cR za obor tanec a nonverb\u00e1ln\u00edho um\u011bn\u00ed. Bav\u00ed ji krizov\u00fd management a rozpo\u010dtov\u00e9 tabulky.\n<\/div>\n<\/div>\n<div class=\"member row\">\n<div class=\"medium-3 large-2 columns member-photo\"><img decoding=\"async\" src=\"https:\/\/www.iim.cz\/wp-content\/uploads\/2024\/05\/GK8B7362upraveno-copy.jpg\" alt=\"Ond\u0159ej Slab\u00fd\" \/><\/div>\n<div class=\"medium-9 large-10 columns\">\n<p class=\"name\">Ond\u0159ej Slab\u00fd<\/p>\n<p class=\"member-info\">IT spr\u00e1vce, e-mail: <a href=\"mailto:slaby@iim.cz\">slaby@iim.cz<\/a><\/p>\n<p>Program\u00e1tor a IT administr\u00e1tor. M\u00e1 na starost spr\u00e1vu syst\u00e9m\u016f a v\u00fdvoj aplikac\u00ed v IIM. Vystudoval softwarov\u00e9 in\u017een\u00fdrstv\u00ed na FIT, \u010cVUT v Praze, kde ve sv\u00e9 diplomov\u00e9 pr\u00e1ci spolupracoval na projektu V\u011bnn\u00e1 m\u011bsta \u010desk\u00fdch kr\u00e1loven. Pod\u00edlel se tak\u00e9 na tvorb\u011b aplikac\u00ed pro virtu\u00e1ln\u00ed realitu v r\u00e1mci projektu Laterna Magika. Krom\u011b virtu\u00e1ln\u00ed reality ho zaj\u00edm\u00e1 tak\u00e9 oblast roz\u0161\u00ed\u0159en\u00e9 reality, zejm\u00e9na mo\u017enosti interakce s virtu\u00e1ln\u00edmi objekty.\n<\/p><\/div>\n<\/div>\n<div class=\"member row\">\n<div class=\"medium-3 large-2 columns member-photo\"><img decoding=\"async\" src=\"https:\/\/www.iim.cz\/wp-content\/uploads\/2024\/05\/GK8B7349-copy.jpg\" alt=\"David Vrb\u00edk\" \/><\/div>\n<div class=\"medium-9 large-10 columns\">\n<p class=\"name\">David Vrb\u00edk<\/p>\n<p class=\"member-info\">Specialista na AV, e-mail: <a href=\"mailto:vrbik@iim.cz\">vrbik@iim.cz<\/a><\/p>\n<p>Audiovizu\u00e1ln\u00ed um\u011blec. Komponuje sc\u00e9nickou hudbu pro tane\u010dn\u00ed a nonverb\u00e1ln\u00ed divadlo, programuje jevi\u0161tn\u00edch technologie a specializuje laserov\u00e9 projekce a vizualizaci zvuku.<br \/>\nVID\u011aT ZVUK, SLY\u0160ET SV\u011aTLO<br \/>\nJe zakl\u00e1daj\u00edc\u00edm \u010dlenem tane\u010dn\u00ed skupiny TOW ocen\u011bnou za inovativn\u00ed p\u0159\u00edstup v oblasti modern\u00edho tance zejm\u00e9na origin\u00e1ln\u00edm pou\u017eit\u00edm laserov\u00e9 technologie. Spolu s Vladimirem 518 zalo\u017eil multi\u017e\u00e1nrov\u00fd projekt SPAM, kter\u00fd se soust\u0159ed\u00ed na v\u00fdzkum mo\u017enost\u00ed audiovizu\u00e1ln\u00edho jazyka p\u0159i sd\u011blov\u00e1n\u00ed nevy\u017e\u00e1dan\u00fdch informac\u00ed. Od roku 2019 se v\u011bnuje sv\u00e9mu projektu V E K T R O S K O P, ve kter\u00e9m oslovuje um\u011blce dom\u00e1c\u00ed i zahrani\u010dn\u00ed sc\u00e9ny digit\u00e1ln\u00edho um\u011bn\u00ed.\n<\/p><\/div>\n<\/div>\n<p><!--\n\n\n<div class=\"member row\">\n\n\n<div class=\"medium-3 large-2 columns member-photo\"><img decoding=\"async\" src=\"https:\/\/www.iim.cz\/wp-content\/themes\/IIM-Theme\/images\/nophoto.png\" alt=\"\" \/><\/div>\n\n\n\n\n<div class=\"medium-9 large-10 columns\">\n\n\n<p class=\"name\">Jakub Hybler<\/p>\n\n\n\n\n<p class=\"member-info\">e-mail: <a title=\"\" href=\"mailto:hybler@iim.cz\">hybler@iim.cz<\/a><\/p>\n\n\nNad\u0161en\u00fd v\u0161eum\u011bl, in\u017een\u00fdr a program\u00e1tor, pracuj\u00edc\u00ed pro \u0159adu divadeln\u00edch projekt\u016f v \u010cesk\u00e9 republice a v zahrani\u010d\u00ed. Sv\u00e9bytn\u00fd um\u011blec a vyn\u00e1lezce, schopn\u00fd sd\u00edlet znalosti a sv\u016fj talent s lidmi, prost\u0159ednictv\u00edm workshop\u016f v oblasti physical computingu a sv\u011bteln\u00e9ho designu. Jako syst\u00e9mov\u00fd design\u00e9r a v\u00fdvoj\u00e1\u0159 se pod\u00edl\u00ed na technick\u00fdch n\u00e1vrz\u00edch pro evropsk\u00e9 um\u011blce. Dohl\u00ed\u017e\u00ed na spln\u011bn\u00ed technick\u00fdch po\u017eadavk\u016f studentsk\u00fdch i hostuj\u00edc\u00edch akc\u00ed.\n\nJe jedn\u00edm ze zakl\u00e1daj\u00edc\u00edch \u010dlen\u016f skupiny Handa Gote Research &amp; Development. Spolupracoval s r\u016fzn\u00fdmi firmami a um\u011blci, nap\u0159. Alfred ve dvo\u0159e, Divadlo Continuo, Krepsko, LightLab, MamaPapa, PQ. Pod\u00edlel se rovn\u011b\u017e na n\u011bkolika tane\u010dn\u00edch a choreografick\u00fdch projektech, kter\u00e9 vznikaly v IIM. \u00a0Jakub vyu\u010duje na FEL \u010cVUT, kde studoval radiotechniku a v\u00fdpo\u010detn\u00ed techniku. Tak\u00e9 vystudoval syst\u00e9mov\u00e9 in\u017een\u00fdrstv\u00ed na provozn\u011b ekonomick\u00e9 fakult\u011b \u010cZU.\n<\/div>\n\n\n<\/div>\n\n\n\n\n\n<div class=\"member row\">\n\n\n<div class=\"medium-3 large-2 columns member-photo\"><img decoding=\"async\" src=\"https:\/\/www.iim.cz\/wp-content\/themes\/IIM-Theme\/images\/nophoto.png\" alt=\"\" \/><\/div>\n\n\n\n\n<div class=\"medium-9 large-10 columns\">\n\n\n<p class=\"name\">Kate\u0159ina\u00a0Mikulcov\u00e1<\/p>\n\n\n\n\n<p class=\"member-info\">e-mail: <a href=\"http:\/\/mikulka1@fel.cvut.cz\">mikulka1@fel.cvut.cz<\/a><\/p>\n\n\nKate\u0159ina v\u00a0IIM zodpov\u00edd\u00e1 jak za PR a marketingov\u00e9 aktivity, tak i za organizov\u00e1n\u00ed akc\u00ed a workshop\u016f. Tak\u00e9 ma starost RENTAL. \u00a0Kdy\u017e nen\u00ed v\u00a0IIM, je re\u017eis\u00e9rkou a sc\u00e9n\u00e1ristkou dokument\u00e1rn\u00edch film\u016f. A\u010dkoliv vystudovala na FAMU animaci, dokument ji bav\u00ed v\u00edc. Spolupracuje s\u00a0\u010ceskou televiz\u00ed i \u0159adou neziskovek a dal\u0161\u00edmi filmuchtiv\u00fdmi subjekt\u016f.\n\n<\/div>\n\n\n<\/div>\n\n\n\n\n<div class=\"member row\">\n\n\n<div class=\"medium-3 large-2 columns member-photo\"><img decoding=\"async\" src=\"https:\/\/www.iim.cz\/wp-content\/themes\/IIM-Theme\/images\/nophoto.png\" alt=\"\" \/><\/div>\n\n\n\n\n<div class=\"medium-9 large-10 columns\">\n\n\n<p class=\"name\">Hanka Chmelensk\u00e1<\/p>\n\n\n\n\n<p class=\"member-info\">e-mail: <a title=\"\" href=\"mailto:chmelenska@iim.cz\">chmelenska@iim.cz<\/a><\/p>\n\n\nHanka zodpov\u00edd\u00e1 za strategick\u00fd rozvoj a mezin\u00e1rodn\u00ed vztahy IIM. Krom\u011b toho se tak\u00e9 zab\u00fdv\u00e1 za\u010dle\u0148ov\u00e1n\u00edm IIM do \u010desk\u00e9ho kreativn\u00edho pr\u016fmyslu a platformami pro digit\u00e1ln\u00ed ekonomiku.\n\nVystudovala magistersk\u00fd obor kulturn\u00ed antropologie a management. Jeliko\u017e ji ale v\u017edy bavil tanec a divadlo, odjela do Anglie, kde studovala choreografii a devised theatre na Dartington College of Arts. Po n\u00e1vratu do sv\u00e9 vlasti vyst\u0159\u00eddala r\u016fzn\u00e1 zam\u011bstn\u00e1n\u00ed, bavila ji pr\u00e1ce u\u010ditelky na st\u0159edn\u00ed \u0161kole, stejn\u011b jako pr\u00e1ce pe\u010dovatelky. Je spoluzakladatelkou ImproEvents Prague, ka\u017edoro\u010dn\u00edho festivalu tane\u010dn\u00ed a divadeln\u00ed improvizace.\n\n<\/div>\n\n\n<\/div>\n\n\n--><\/p>\n<h3 class=\"people\">Ostatn\u00ed \u010dlenov\u00e9 IIM<\/h3>\n<div class=\"member row\">\n<div class=\"medium-3 large-2 columns member-photo\"><img decoding=\"async\" src=\"https:\/\/www.iim.cz\/wp-content\/themes\/IIM-Theme\/images\/nophoto.png\" alt=\"\" \/><\/div>\n<div class=\"medium-9 large-10 columns\">\n<p class=\"name\">Adam Sporka<\/p>\n<p class=\"member-info\">web: <a title=\"\" href=\"http:\/\/adam.sporka.eu\/wiki\/\">http:\/\/adam.sporka.eu\/wiki\/<\/a>, <a title=\"\" href=\"https:\/\/soundcloud.com\/adam_sporka\">https:\/\/soundcloud.com\/adam_sporka<\/a><\/p>\n<p>Hudebn\u00ed skladatel a zvukov\u00fd design\u00e9r, kter\u00fd vyu\u017e\u00edv\u00e1 a kombinuje sv\u00e9 znalosti z v\u00fdpo\u010detn\u00ed techniky a hudebn\u00ed vzd\u011bl\u00e1n\u00ed, co\u017e mu umo\u017e\u0148uje pracovat na \u0159ad\u011b \u00fa\u017easn\u00fdch projekt\u016f jako technik i jako um\u011blec. V\u00fdzkumn\u00edk a tv\u016frce v oblasti po\u010d\u00edta\u010dem zpracov\u00e1van\u00e9 hudby a v\u00fdzkumn\u00edk v oblasti u\u017eivatelsk\u00fdch rozhran\u00ed po\u010d\u00edta\u010de. Zab\u00fdv\u00e1 se \u0159adou hudebn\u00edch \u017e\u00e1nr\u016f a sm\u011br\u016f, od osmibitov\u00e9 hudby (Atari 800XL) a\u017e po hudbu orchestr\u00e1ln\u00ed. P\u016fsob\u00ed na kated\u0159e po\u010d\u00edta\u010dov\u00e9 grafiky a interakce \u010cVUT FEL, kde se v\u011bnuje v\u00fdzkumu v oblasti zvukov\u00fdch u\u017eivatelsk\u00fdch rozhran\u00ed, a pracuje na tvorb\u011b a produkci hudby pro po\u010d\u00edta\u010dov\u00e9 hry a intermedi\u00e1ln\u00ed instalace. V roce 2008 z\u00edskal Ph.D. v oboru HCI na \u010cVUT a pot\u00e9 absolvoval postdoktorskou st\u00e1\u017e v programu Marie Curie na University of Trento, kde se v\u011bnoval problematice \u201eosobnosti\u201c hlasov\u00fdch syntez\u00e1tor\u016f.<\/p>\n<\/div>\n<\/div>\n<div class=\"member row\">\n<div class=\"medium-3 large-2 columns member-photo\"><img decoding=\"async\" src=\"https:\/\/www.iim.cz\/wp-content\/themes\/IIM-Theme\/images\/nophoto.png\" alt=\"\" \/><\/div>\n<div class=\"medium-9 large-10 columns\">\n<p class=\"name\">Milo\u0161 Vojt\u011bchovsk\u00fd<\/p>\n<p>Historik um\u011bn\u00ed. Je jedn\u00edm ze zakladatel\u016f IIM. Vyu\u010duje studenty na FAMU a vede p\u0159edn\u00e1\u0161ky p\u0159edm\u011btu aplikovan\u00e9 intermedi\u00e1ln\u00ed technologie. Milo\u0161 p\u0159iv\u00e1d\u00ed do IIM r\u016fzn\u00e9 um\u011blce z cel\u00e9ho sv\u011bta a organizuje zvukov\u00e9 i vizu\u00e1ln\u00ed performance a workshopy. Publikuje \u010dl\u00e1nky v r\u016fzn\u00fdch \u010dasopisech a novin\u00e1ch. Mezi jeho hlavn\u00ed z\u00e1jmy pat\u0159\u00ed lokativn\u00ed m\u00e9dia a spole\u010densk\u00e9 intermedi\u00e1ln\u00ed aktivity. Inicioval a uskute\u010dnil \u0159adu multimedi\u00e1ln\u00edch projekt\u016f.<\/p>\n<\/div>\n<\/div>\n<div class=\"member row\">\n<div class=\"medium-3 large-2 columns member-photo\"><img decoding=\"async\" src=\"https:\/\/www.iim.cz\/wp-content\/themes\/IIM-Theme\/images\/nophoto.png\" alt=\"\" \/><\/div>\n<div class=\"medium-9 large-10 columns\">\n<p class=\"name\">Robert Smol\u00edk<\/p>\n<p>Jevi\u0161tn\u00ed a p\u0159\u00edle\u017eitostn\u00fd sv\u011bteln\u00fd design\u00e9r. Vyu\u010duje na kated\u0159e alternativn\u00edho a loutkov\u00e9ho divadla DAMU. Robert do IIM p\u0159in\u00e1\u0161\u00ed sv\u011btlo. Studoval na kated\u0159e sc\u00e9nografie na AMU v Praze a od roku 2004 tam vyu\u010duje. Jako sc\u00e9nograf spolupracoval s \u0159adou profesion\u00e1ln\u00edch loutkov\u00fdch divadel a nez\u00e1visl\u00fdch um\u011blc\u016f a vytvo\u0159il i mnoho vlastn\u00edch um\u011bleck\u00fdch projekt\u016f. V posledn\u00ed dob\u011b se soust\u0159ed\u00ed na spolupr\u00e1ci s nez\u00e1visl\u00fdm divadeln\u00edm souborem Buchty a loutky a na v\u00fdzkum a v\u00fdvoj ve skupin\u011b Handa Gote research &amp; development.<\/p>\n<\/div>\n<\/div>\n<div class=\"member row\">\n<div class=\"medium-3 large-2 columns member-photo\"><img decoding=\"async\" src=\"https:\/\/www.iim.cz\/wp-content\/themes\/IIM-Theme\/images\/nophoto.png\" alt=\"\" \/><\/div>\n<div class=\"medium-9 large-10 columns\">\n<p class=\"name\">Michal Rataj<\/p>\n<p class=\"member-info\">web: <a title=\"\" href=\"http:\/\/www.michalrataj.com\">http:\/\/www.michalrataj.com<\/a><\/p>\n<p>Hudebn\u00ed skladatel, producent, vysoko\u0161kolsk\u00fd pedagog na AMU v Praze a NYU Prague. Vystudoval muzikologii a skladbu u prof. Ivana Kurze a Milana Slavick\u00e9ho a absolvoval studijn\u00ed pobyty ve Velk\u00e9 Brit\u00e1nii, N\u011bmecku a USA. Jako skladatel se v\u011bnuje elektroakustick\u00e9 a instrument\u00e1ln\u00ed hudb\u011b. Se sv\u00fdmi \u201ezvukov\u00fdmi koncerty\u201c vystupuje v Evrop\u011b a v USA a vede \u0159adu mezin\u00e1rodn\u00edch workshop\u016f a masterclass\u016f.<\/p>\n<p>Jako autor filmov\u00e9 hudby se od roku 2004 pod\u00edlel na realizaci dvac\u00edtky hran\u00fdch a dokument\u00e1rn\u00edch film\u016f a TV seri\u00e1l\u016f. Pracoval jako hudebn\u00ed re\u017eis\u00e9r a producent v \u010cesk\u00e9m rozhlase a je autorem des\u00edtek zvukov\u00fdch realizac\u00ed rozhlasov\u00fdch her. Od roku 2003 je producentem po\u0159adu Radioateli\u00e9r.<\/p>\n<\/div>\n<\/div>\n<div class=\"member row\">\n<div class=\"medium-3 large-2 columns member-photo\"><img decoding=\"async\" src=\"https:\/\/www.iim.cz\/wp-content\/themes\/IIM-Theme\/images\/nophoto.png\" alt=\"\" \/><\/div>\n<div class=\"medium-9 large-10 columns\">\n<p class=\"name\">Josef \u0160afa\u0159\u00edk<\/p>\n<p>Absolvent doktorandsk\u00e9ho studia na V\u0160UP v Praze, obory sklo v architektu\u0159e \/ aplikace nov\u00fdch technologi\u00ed ve v\u00fdtvarn\u00e9m um\u011bn\u00ed. V\u011bnuje se socha\u0159stv\u00ed, nov\u00fdm m\u00e9di\u00edm a medail\u00e9rstv\u00ed. M\u00e1 za sebou celou \u0159adu samostatn\u00fdch a hromadn\u00fdch v\u00fdstav, \u00fa\u010dastnil se n\u011bkolika socha\u0159sk\u00fdch sympozi\u00ed. Od roku 2009 p\u016fsob\u00ed jako odborn\u00fd asistent v ateli\u00e9ru Karel a v ateli\u00e9ru v\u00fdtvarn\u00e9 tvorby na \u00fastavu pr\u016fmyslov\u00e9ho designu FA \u010cVUT u prof. ak. soch. Mariana Karla. U p\u0159\u00edle\u017eitosti slavnostn\u00edho otev\u0159en\u00ed budovy FA \u010cVUT v roce 2011 realizoval projekt Tetris a Laser CUBE. Festival sv\u011btla SIGNAL v Praze obohatila jeho speci\u00e1ln\u00ed videoprojekce Slunce. Zastoupen v muzejn\u00edch i soukrom\u00fdch sb\u00edrk\u00e1ch v \u010cesku i zahrani\u010d\u00ed.<\/p>\n<\/div>\n<\/div>\n<div class=\"member row\">\n<div class=\"medium-3 large-2 columns member-photo\"><img decoding=\"async\" src=\"https:\/\/www.iim.cz\/wp-content\/themes\/IIM-Theme\/images\/nophoto.png\" alt=\"\" \/><\/div>\n<div class=\"medium-9 large-10 columns\">\n<p class=\"name\">Vladim\u00edr Soukenka<\/p>\n<p>Architekt, vedouc\u00ed \u00fastavu interi\u00e9ru a v\u00fdstavnictv\u00ed na FA \u010cVUT od roku 1991. Vystudoval obor architektura na pra\u017esk\u00e9 V\u0160UP v ateli\u00e9ru prof. Josefa Svobody. Pracoval jako sc\u00e9nograf M\u011bstsk\u00e9ho divadla ve Zl\u00edn\u011b a N\u00e1rodn\u00edho divadla v Praze. Byl vedouc\u00ed um\u011blecko- technick\u00e9ho provozu v Latern\u011b Magice. Tak\u00e9 p\u016fsobil jako studiov\u00fd architekt v \u010cesk\u00e9 televizi. V roce 2007 z\u00edskal titul docent pro obor architektura.<\/p>\n<\/div>\n<\/div>\n<div class=\"member row\">\n<div class=\"medium-3 large-2 columns member-photo\"><img decoding=\"async\" src=\"https:\/\/www.iim.cz\/wp-content\/themes\/IIM-Theme\/images\/nophoto.png\" alt=\"\" \/><\/div>\n<div class=\"medium-9 large-10 columns\">\n<p class=\"name\">Martin Bernas<\/p>\n<p>Absolvent FEL \u010cVUT, obor Radiotechnika. Absolvoval pedagogick\u00fd kurs na univerzit\u011b v\u00a0Klagenfurtu a odbornou st\u00e1\u017e na Queen\u2019s University v\u00a0Belfastu. Zab\u00fdv\u00e1 se televizn\u00ed a studiovou technikou. P\u0159ipravil a p\u0159edn\u00e1\u0161\u00ed p\u0159edm\u011bt Z\u00e1klady studiov\u00e9 techniky, v\u00a0r\u00e1mci kter\u00e9ho studenti p\u0159ipravuj\u00ed audiovizu\u00e1ln\u00ed projekty, kter\u00e9 z\u00edskaly ocen\u011bn\u00ed a reprezentovaly nejen fakultu, ale i \u010ceskou republiku v\u00a0zahrani\u010d\u00ed. \u00a0V\u00a0sou\u010dasn\u00e9 dob\u011b se v\u011bnuje zpracov\u00e1n\u00edm obrazu tlumo\u010dn\u00edka do znakov\u00e9ho jazyka, mo\u017enostem jeho animace a dopl\u0148kov\u00e9ho p\u0159enosu televizn\u00edm kan\u00e1lem.<\/p>\n<\/div>\n<\/div>\n<\/div>\n<p><\/p>","protected":false},"excerpt":{"rendered":"<p>N\u00e1\u0161 hlavn\u00ed t\u00fdm Roman Berka \u0158editel, e-mail: berka@iim.cz \u0158editel Institutu interm\u00e9di\u00ed a vysoko\u0161kolsk\u00fd pedagog vyu\u010duj\u00edc\u00ed na kated\u0159e po\u010d\u00edta\u010dov\u00e9 grafiky a interakce. IIM zalo\u017eil v roce 2007 spole\u010dn\u011b s Milo\u0161em Vojt\u011bchovsk\u00fdm a architektem Pavlem Bedn\u00e1\u0159em. Doktor\u00e1t z\u00edskal na kated\u0159e po\u010d\u00edta\u010d\u016f \u010cVUT FEL. Pro IIM vytv\u00e1\u0159\u00ed projekty a vyu\u010duje multim\u00e9dia a po\u010d\u00edta\u010dovou animaci. Vytvo\u0159il n\u011bkolik kurz\u016f v [&hellip;]<\/p>\n","protected":false},"author":1,"featured_media":195,"parent":0,"menu_order":0,"comment_status":"closed","ping_status":"open","template":"","meta":{"footnotes":""},"class_list":["post-89","page","type-page","status-publish","has-post-thumbnail","hentry"],"_links":{"self":[{"href":"https:\/\/www.iim.cz\/cs\/wp-json\/wp\/v2\/pages\/89","targetHints":{"allow":["GET"]}}],"collection":[{"href":"https:\/\/www.iim.cz\/cs\/wp-json\/wp\/v2\/pages"}],"about":[{"href":"https:\/\/www.iim.cz\/cs\/wp-json\/wp\/v2\/types\/page"}],"author":[{"embeddable":true,"href":"https:\/\/www.iim.cz\/cs\/wp-json\/wp\/v2\/users\/1"}],"replies":[{"embeddable":true,"href":"https:\/\/www.iim.cz\/cs\/wp-json\/wp\/v2\/comments?post=89"}],"version-history":[{"count":55,"href":"https:\/\/www.iim.cz\/cs\/wp-json\/wp\/v2\/pages\/89\/revisions"}],"predecessor-version":[{"id":2194,"href":"https:\/\/www.iim.cz\/cs\/wp-json\/wp\/v2\/pages\/89\/revisions\/2194"}],"wp:featuredmedia":[{"embeddable":true,"href":"https:\/\/www.iim.cz\/cs\/wp-json\/wp\/v2\/media\/195"}],"wp:attachment":[{"href":"https:\/\/www.iim.cz\/cs\/wp-json\/wp\/v2\/media?parent=89"}],"curies":[{"name":"wp","href":"https:\/\/api.w.org\/{rel}","templated":true}]}}